{"id":222,"date":"2016-06-27T15:29:17","date_gmt":"2016-06-27T13:29:17","guid":{"rendered":"https:\/\/www.forumvelden.at\/?page_id=222"},"modified":"2024-10-01T14:38:07","modified_gmt":"2024-10-01T12:38:07","slug":"europaeus2021","status":"publish","type":"page","link":"https:\/\/www.forumvelden.at\/de\/europaeus2021\/","title":{"rendered":"EUROPAEUS 2021"},"content":{"rendered":"<p>[et_pb_section fb_built=&#8220;1&#8243; admin_label=&#8220;section&#8220; _builder_version=&#8220;4.16&#8243; global_colors_info=&#8220;{}&#8220;][et_pb_row column_structure=&#8220;1_4,3_4&#8243; admin_label=&#8220;row&#8220; _builder_version=&#8220;4.16&#8243; background_size=&#8220;initial&#8220; background_position=&#8220;top_left&#8220; background_repeat=&#8220;repeat&#8220; global_colors_info=&#8220;{}&#8220;][et_pb_column type=&#8220;1_4&#8243; _builder_version=&#8220;4.16&#8243; custom_padding=&#8220;|||&#8220; global_colors_info=&#8220;{}&#8220; custom_padding__hover=&#8220;|||&#8220;][et_pb_image src=&#8220;https:\/\/www.forumvelden.at\/wp-content\/uploads\/2016\/06\/EUROpaeus.png&#8220; align=&#8220;center&#8220; align_tablet=&#8220;center&#8220; align_phone=&#8220;&#8220; align_last_edited=&#8220;on|desktop&#8220; disabled_on=&#8220;off|on|on&#8220; admin_label=&#8220;Bild&#8220; _builder_version=&#8220;4.16&#8243; animation_style=&#8220;fade&#8220; animation_duration=&#8220;500ms&#8220; animation=&#8220;fade_in&#8220; sticky=&#8220;off&#8220; use_border_color=&#8220;off&#8220; border_color=&#8220;#ffffff&#8220; border_style=&#8220;solid&#8220; always_center_on_mobile=&#8220;on&#8220; global_colors_info=&#8220;{}&#8220;]&nbsp;<br \/>\n[\/et_pb_image][et_pb_number_counter title=&#8220;Oktober 2021&#8243; number=&#8220;1&#8243; percent_sign=&#8220;off&#8220; counter_color=&#8220;#7EBEC5&#8243; admin_label=&#8220;Z\u00e4hler&#8220; _builder_version=&#8220;4.16&#8243; background_size=&#8220;initial&#8220; background_position=&#8220;top_left&#8220; background_repeat=&#8220;repeat&#8220; use_border_color=&#8220;off&#8220; border_color=&#8220;#ffffff&#8220; border_style=&#8220;solid&#8220; global_colors_info=&#8220;{}&#8220;]&nbsp;<br \/>\n[\/et_pb_number_counter][et_pb_divider color=&#8220;#023e7c&#8220; disabled_on=&#8220;on|on|off&#8220; admin_label=&#8220;Teiler oben&#8220; _builder_version=&#8220;4.16&#8243; height=&#8220;3px&#8220; hide_on_mobile=&#8220;on&#8220; global_colors_info=&#8220;{}&#8220;]&nbsp;<br \/>\n[\/et_pb_divider][et_pb_text admin_label=&#8220;Text Men\u00fc&#8220; _builder_version=&#8220;4.16&#8243; background_size=&#8220;initial&#8220; background_position=&#8220;top_left&#8220; background_repeat=&#8220;repeat&#8220; use_border_color=&#8220;off&#8220; border_color=&#8220;#ffffff&#8220; border_style=&#8220;solid&#8220; global_colors_info=&#8220;{}&#8220;]<\/p>\n<p style=\"text-align: center;\"><span style=\"font-size: 12pt;\"><a href=\"https:\/\/www.forumvelden.at\/de\/anmeldung-europaeus\/\">ANMELDEN<\/a><br \/><a href=\"#euro_award\">PREISTR\u00c4GER<\/a><a href=\"#CCEprospeaker\"><br \/><\/a><a href=\"#euro_nomin\">NOMINIERTE<\/a><a href=\"#CCEprospeaker\"><br \/><\/a><a href=\"#euro_serv\">SERVICE<\/a><br \/><a href=\"#euro_press\">PRESSE<\/a><br \/><a href=\"#euro_part\">PARTNER<\/a><br \/><\/span><\/p>\n<p>[\/et_pb_text][et_pb_divider color=&#8220;#023e7c&#8220; disabled_on=&#8220;on|on|off&#8220; admin_label=&#8220;Teiler unten&#8220; _builder_version=&#8220;4.16&#8243; height=&#8220;3px&#8220; hide_on_mobile=&#8220;on&#8220; global_colors_info=&#8220;{}&#8220;]&nbsp;<br \/>\n[\/et_pb_divider][\/et_pb_column][et_pb_column type=&#8220;3_4&#8243; _builder_version=&#8220;4.16&#8243; custom_padding=&#8220;|||&#8220; global_colors_info=&#8220;{}&#8220; custom_padding__hover=&#8220;|||&#8220;][et_pb_blurb title=&#8220;PRESSEMATERIAL&#8220; url=&#8220;https:\/\/www.forumvelden.at\/de\/presse-europaeus-2019\/&#8220; use_icon=&#8220;on&#8220; font_icon=&#8220;&#x69;||divi||400&#8243; image_icon_background_color=&#8220;#ffffff&#8220; icon_placement=&#8220;left&#8220; image_icon_width=&#8220;16px&#8220; _builder_version=&#8220;4.16&#8243; background_color=&#8220;#e2e2e2&#8243; image_icon_custom_padding=&#8220;8px|8px|8px|8px|false|false&#8220; custom_padding=&#8220;15px||15px||false|false&#8220; link_option_url=&#8220;https:\/\/www.forumvelden.at\/de\/presse-europaeus-2019\/&#8220; border_radii_image=&#8220;on|100%|100%|100%|100%&#8220; border_width_all_image=&#8220;2px&#8220; border_color_all_image=&#8220;#004181&#8243; use_circle=&#8220;on&#8220; use_circle_border=&#8220;on&#8220; circle_color=&#8220;#ffffff&#8220; global_colors_info=&#8220;{}&#8220; image_icon_background_color__sticky_enabled=&#8220;#004181&#8243; image_icon_background_color__sticky=&#8220;#004181&#8243;]<\/p>\n<p>Hier finden Sie aktuelles Medienmaterial zum EUROPAEUS.<\/p>\n<p>[\/et_pb_blurb][et_pb_image src=&#8220;https:\/\/www.forumvelden.at\/wp-content\/uploads\/2016\/06\/EUROpaeus.png&#8220; align_tablet=&#8220;center&#8220; align_phone=&#8220;&#8220; align_last_edited=&#8220;on|desktop&#8220; disabled_on=&#8220;on||&#8220; admin_label=&#8220;Bild&#8220; _builder_version=&#8220;4.16&#8243; animation_style=&#8220;fade&#8220; animation_duration=&#8220;500ms&#8220; animation=&#8220;fade_in&#8220; sticky=&#8220;off&#8220; use_border_color=&#8220;off&#8220; border_color=&#8220;#ffffff&#8220; border_style=&#8220;solid&#8220; always_center_on_mobile=&#8220;on&#8220; global_colors_info=&#8220;{}&#8220;]&nbsp;<br \/>\n[\/et_pb_image][et_pb_text admin_label=&#8220;Text Einleitung&#8220; module_id=&#8220;forum&#8220; _builder_version=&#8220;4.16&#8243; background_size=&#8220;initial&#8220; background_position=&#8220;top_left&#8220; background_repeat=&#8220;repeat&#8220; use_border_color=&#8220;off&#8220; border_color=&#8220;#ffffff&#8220; border_style=&#8220;solid&#8220; global_colors_info=&#8220;{}&#8220;]<\/p>\n<h1 class=\"entry-title\"><strong>EUROPAEUS 2021<\/strong><\/h1>\n<h3 class=\"entry-title\">01.10.2021, Velden am W\u00f6rthersee, Casino<\/h3>\n<p>Der Europapreis EUROPAEUS wurde erstmals 2009 als Gemeinschaftspreis vom Land K\u00e4rnten, der Wirtschaftskammer K\u00e4rnten und des Forum Velden zum Anlass der Jubil\u00e4en \u201e20 Jahre Ost\u00f6ffnung\u201c und \u201e5 Jahre EU-Osterweiterung\u201c im Rahmen des CEE-Wirtschaftsforums Velden verliehen. Preistr\u00e4ger sind Pers\u00f6nlichkeiten und Institutionen, welche wichtige Br\u00fcckenbauer im europ\u00e4ischen Einigungsprozess sind. Erster Preistr\u00e4ger war 2009 u.a. der ehemalige Au\u00dfenminister und Vizekanzler Dr. Alois Mock. 2011 wurde u.a. \u00d6sterreichs Wirtschaftskammerpr\u00e4sident Dr. Christoph Leitl, 2016 Dr. Heinz Fischer, Bundespr\u00e4sident a.D., und 2019 Dr. Franz Vranitzky, Bundeskanzler a.D., geehrt. Reservieren Sie sich den 01. Oktober 2021! Der Europapreis EUROPAEUS ist eine gemeinsame Ehrung vom Land K\u00e4rnten, der Wirtschaftskammer K\u00e4rnten und des Forum Velden.<\/p>\n<p>[\/et_pb_text][et_pb_button button_url=&#8220;https:\/\/www.forumvelden.at\/wp-content\/uploads\/2021\/09\/2021-Einladung-Europaeus-FV-A5-4s-WEB.pdf&#8220; url_new_window=&#8220;on&#8220; button_text=&#8220;Einladung&#8220; button_alignment=&#8220;left&#8220; disabled_on=&#8220;off|off|off&#8220; admin_label=&#8220;Taste Anmeldung&#8220; module_id=&#8220;euro_anmelden&#8220; _builder_version=&#8220;4.16&#8243; custom_button=&#8220;on&#8220; button_border_width=&#8220;0&#8243; button_icon_color=&#8220;#023e7c&#8220; background_layout=&#8220;dark&#8220; button_text_color_hover=&#8220;#023e7c&#8220; button_letter_spacing_hover=&#8220;0&#8243; global_colors_info=&#8220;{}&#8220; button_text_size__hover_enabled=&#8220;off&#8220; button_one_text_size__hover_enabled=&#8220;off&#8220; button_two_text_size__hover_enabled=&#8220;off&#8220; button_text_color__hover_enabled=&#8220;on&#8220; button_text_color__hover=&#8220;#023e7c&#8220; button_one_text_color__hover_enabled=&#8220;off&#8220; button_two_text_color__hover_enabled=&#8220;off&#8220; button_border_width__hover_enabled=&#8220;off&#8220; button_one_border_width__hover_enabled=&#8220;off&#8220; button_two_border_width__hover_enabled=&#8220;off&#8220; button_border_color__hover_enabled=&#8220;off&#8220; button_one_border_color__hover_enabled=&#8220;off&#8220; button_two_border_color__hover_enabled=&#8220;off&#8220; button_border_radius__hover_enabled=&#8220;off&#8220; button_one_border_radius__hover_enabled=&#8220;off&#8220; button_two_border_radius__hover_enabled=&#8220;off&#8220; button_letter_spacing__hover_enabled=&#8220;on&#8220; button_letter_spacing__hover=&#8220;0&#8243; button_one_letter_spacing__hover_enabled=&#8220;off&#8220; button_two_letter_spacing__hover_enabled=&#8220;off&#8220; button_bg_color__hover_enabled=&#8220;off&#8220; button_one_bg_color__hover_enabled=&#8220;off&#8220; button_two_bg_color__hover_enabled=&#8220;off&#8220;]&nbsp;<br \/>\n[\/et_pb_button][et_pb_button button_url=&#8220;https:\/\/www.forumvelden.at\/de\/anmeldung-europaeus\/&#8220; url_new_window=&#8220;on&#8220; button_text=&#8220;Anmeldung&#8220; button_alignment=&#8220;left&#8220; disabled_on=&#8220;off|off|off&#8220; admin_label=&#8220;Taste Anmeldung&#8220; module_id=&#8220;euro_anmelden&#8220; _builder_version=&#8220;4.16&#8243; custom_button=&#8220;on&#8220; button_border_width=&#8220;0&#8243; button_icon_color=&#8220;#023e7c&#8220; background_layout=&#8220;dark&#8220; button_text_color_hover=&#8220;#023e7c&#8220; button_letter_spacing_hover=&#8220;0&#8243; global_colors_info=&#8220;{}&#8220; button_text_size__hover_enabled=&#8220;off&#8220; button_one_text_size__hover_enabled=&#8220;off&#8220; button_two_text_size__hover_enabled=&#8220;off&#8220; button_text_color__hover_enabled=&#8220;on&#8220; button_text_color__hover=&#8220;#023e7c&#8220; button_one_text_color__hover_enabled=&#8220;off&#8220; button_two_text_color__hover_enabled=&#8220;off&#8220; button_border_width__hover_enabled=&#8220;off&#8220; button_one_border_width__hover_enabled=&#8220;off&#8220; button_two_border_width__hover_enabled=&#8220;off&#8220; button_border_color__hover_enabled=&#8220;off&#8220; button_one_border_color__hover_enabled=&#8220;off&#8220; button_two_border_color__hover_enabled=&#8220;off&#8220; button_border_radius__hover_enabled=&#8220;off&#8220; button_one_border_radius__hover_enabled=&#8220;off&#8220; button_two_border_radius__hover_enabled=&#8220;off&#8220; button_letter_spacing__hover_enabled=&#8220;on&#8220; button_letter_spacing__hover=&#8220;0&#8243; button_one_letter_spacing__hover_enabled=&#8220;off&#8220; button_two_letter_spacing__hover_enabled=&#8220;off&#8220; button_bg_color__hover_enabled=&#8220;off&#8220; button_one_bg_color__hover_enabled=&#8220;off&#8220; button_two_bg_color__hover_enabled=&#8220;off&#8220;]&nbsp;<br \/>\n[\/et_pb_button][et_pb_text admin_label=&#8220;Text&#8220; _builder_version=&#8220;4.16&#8243; global_colors_info=&#8220;{}&#8220;]<\/p>\n<p><strong>Hinweis:<\/strong> Bitte 3-G-Nachweis (COVID-19) mitbringen!<\/p>\n<p>[\/et_pb_text][et_pb_text admin_label=&#8220;Text Preistr\u00e4ger&#8220; module_id=&#8220;euro_award&#8220; _builder_version=&#8220;4.16&#8243; background_size=&#8220;initial&#8220; background_position=&#8220;top_left&#8220; background_repeat=&#8220;repeat&#8220; use_border_color=&#8220;off&#8220; border_color=&#8220;#ffffff&#8220; border_style=&#8220;solid&#8220; global_colors_info=&#8220;{}&#8220;]<\/p>\n<hr>\n<h2>Preistr\u00e4ger 2021<\/h2>\n<p>Preistr\u00e4ger sind Pers\u00f6nlichkeiten und\/oder Institutionen, die einen ma\u00dfgeblichen Beitrag zum europ\u00e4ischen Einigungsgedanken geleistet haben. Die Kategorien sind:<\/p>\n<p>Kategorie 1: Europapolitik &#8211; \u201cHistory in the making\u201d<br \/>Kategorie 2: Wirtschaft &#8211; Internationalisierung\/Pioniere<br \/>Kategorie 3: Bewusstseinsbildung \u201eEurope on my mind\u201c<br \/>Kategorie 4: Wissenschaft\/Kunst\/Kultur (bisher nicht vergeben)<br \/>Kategorie 5: Sonderpreis (bisher nicht vergeben)<\/p>\n<p>Nominiert werden die Preistr\u00e4ger nach festgelegten Kriterien von der Jury. Diese besteht aus Mag. Martina Rattinger (Land K\u00e4rnten, EU-Verbindungsb\u00fcro), Dr. Meinrad H\u00f6fferer (WK K\u00e4rnten, Au\u00dfenwirtschaft) und Mag. Walter Prutej (Forum Velden, Initiator EUROPAEUS). Der Preistr\u00e4ger in der Kategorie 4 kann der Jury von der K\u00e4rntner Hochschulkonferenz (KHK), eine gemeinsame Einrichtung der Alpen Adria Universit\u00e4t Klagenfurt (AAU), Fachhochschule (FH) K\u00e4rnten und P\u00e4dagogische Hochschule (PH) K\u00e4rnten, vorgeschlagen werden.<\/p>\n<p>[\/et_pb_text][et_pb_text admin_label=&#8220;Header Nominierte&#8220; _builder_version=&#8220;4.16&#8243; global_colors_info=&#8220;{}&#8220;]<\/p>\n<h2>Preistr\u00e4ger 2021<\/h2>\n<p><a href=\"https:\/\/www.forumvelden.at\/wp-content\/uploads\/2021\/09\/2021-Einladung-Europaeus-FV-A5-4s-WEB.pdf\"><img loading=\"lazy\" decoding=\"async\" class=\"wp-image-2262 size-full alignright\" src=\"https:\/\/www.forumvelden.at\/wp-content\/uploads\/2021\/09\/einladung.png\" alt=\"\" width=\"300\" height=\"138\"><\/a>Der EUROPAEUS wird diesj\u00e4hrig in den drei nachfolgenden Kategorien vergeben, siehe <a href=\"https:\/\/www.forumvelden.at\/wp-content\/uploads\/2021\/09\/2021-Einladung-Europaeus-FV-A5-4s-WEB.pdf\" target=\"_blank\" rel=\"noopener\">Einladung<\/a>:<\/p>\n<p>[\/et_pb_text][\/et_pb_column][\/et_pb_row][et_pb_row column_structure=&#8220;1_4,1_4,1_4,1_4&#8243; admin_label=&#8220;row&#8220; _builder_version=&#8220;4.16&#8243; background_size=&#8220;initial&#8220; background_position=&#8220;top_left&#8220; background_repeat=&#8220;repeat&#8220; global_colors_info=&#8220;{}&#8220;][et_pb_column type=&#8220;1_4&#8243; _builder_version=&#8220;4.16&#8243; custom_padding=&#8220;|||&#8220; global_colors_info=&#8220;{}&#8220; custom_padding__hover=&#8220;|||&#8220;][\/et_pb_column][et_pb_column type=&#8220;1_4&#8243; _builder_version=&#8220;4.16&#8243; custom_padding=&#8220;|||&#8220; global_colors_info=&#8220;{}&#8220; custom_padding__hover=&#8220;|||&#8220;][et_pb_image src=&#8220;https:\/\/www.forumvelden.at\/wp-content\/uploads\/2021\/09\/Jean-Claude-JUNCKER-1.jpg&#8220; title_text=&#8220;Jean-Claude JUNCKER&#8220; _builder_version=&#8220;4.16&#8243; custom_margin=&#8220;||||false|false&#8220; global_colors_info=&#8220;{}&#8220;][\/et_pb_image][et_pb_text admin_label=&#8220;Text Nominierte 2019&#8243; module_id=&#8220;euro_nomin&#8220; _builder_version=&#8220;4.16&#8243; background_size=&#8220;initial&#8220; background_position=&#8220;top_left&#8220; background_repeat=&#8220;repeat&#8220; use_border_color=&#8220;off&#8220; border_color=&#8220;#ffffff&#8220; border_style=&#8220;solid&#8220; global_colors_info=&#8220;{}&#8220;]<strong>KATEGORIE EUROPAPOLITIK \u201eHISTORY IN THE MAKING\u201c<\/strong><br \/>\n Jean-Claude JUNCKER, Pr\u00e4sident der Europ\u00e4ischen Kommission a.D.[\/et_pb_text][\/et_pb_column][et_pb_column type=&#8220;1_4&#8243; _builder_version=&#8220;4.16&#8243; custom_padding=&#8220;|||&#8220; global_colors_info=&#8220;{}&#8220; custom_padding__hover=&#8220;|||&#8220;][et_pb_image src=&#8220;https:\/\/www.forumvelden.at\/wp-content\/uploads\/2021\/09\/hermann-hirsch-2.jpg&#8220; title_text=&#8220;hermann-hirsch-2&#8243; _builder_version=&#8220;4.16&#8243; global_colors_info=&#8220;{}&#8220;][\/et_pb_image][et_pb_text admin_label=&#8220;Text Nominierte 2019&#8243; module_id=&#8220;euro_nomin&#8220; _builder_version=&#8220;4.16&#8243; background_size=&#8220;initial&#8220; background_position=&#8220;top_left&#8220; background_repeat=&#8220;repeat&#8220; use_border_color=&#8220;off&#8220; border_color=&#8220;#ffffff&#8220; border_style=&#8220;solid&#8220; global_colors_info=&#8220;{}&#8220;]<\/p>\n<p><strong>KATEGORIE WIRTSCHAFT \u201eINTERNATIONALISIERUNG\/PIONIERE\u201c<\/strong><br \/>Hermann HIRSCH, Unternehmer und  Industrieller a.D., Hirsch Armb\u00e4nder<\/p>\n<p>[\/et_pb_text][\/et_pb_column][et_pb_column type=&#8220;1_4&#8243; _builder_version=&#8220;4.16&#8243; custom_padding=&#8220;|||&#8220; global_colors_info=&#8220;{}&#8220; custom_padding__hover=&#8220;|||&#8220;][et_pb_image src=&#8220;https:\/\/www.forumvelden.at\/wp-content\/uploads\/2021\/09\/Paul-LENDVAI.jpg&#8220; title_text=&#8220;Paul LENDVAI&#8220; admin_label=&#8220;Bild&#8220; _builder_version=&#8220;4.16&#8243; global_colors_info=&#8220;{}&#8220;][\/et_pb_image][et_pb_text admin_label=&#8220;Text Nominierte 2019&#8243; module_id=&#8220;euro_nomin&#8220; _builder_version=&#8220;4.16&#8243; background_size=&#8220;initial&#8220; background_position=&#8220;top_left&#8220; background_repeat=&#8220;repeat&#8220; use_border_color=&#8220;off&#8220; border_color=&#8220;#ffffff&#8220; border_style=&#8220;solid&#8220; global_colors_info=&#8220;{}&#8220;]<\/p>\n<p><strong>KATEGORIE BEWUSSTSEINSBILDUNG \u201eEUROPE ON MY MIND\u201c<\/strong><br \/>Paul LENDVAI, Publizist, Moderator, Ost- und S\u00fcdosteuropa-Experte<\/p>\n<p>[\/et_pb_text][\/et_pb_column][\/et_pb_row][et_pb_row column_structure=&#8220;1_4,1_4,1_4,1_4&#8243; _builder_version=&#8220;4.16&#8243; _module_preset=&#8220;default&#8220; global_colors_info=&#8220;{}&#8220;][et_pb_column type=&#8220;1_4&#8243; _builder_version=&#8220;4.16&#8243; _module_preset=&#8220;default&#8220; global_colors_info=&#8220;{}&#8220;][\/et_pb_column][et_pb_column type=&#8220;1_4&#8243; _builder_version=&#8220;4.16&#8243; _module_preset=&#8220;default&#8220; global_colors_info=&#8220;{}&#8220;][et_pb_text admin_label=&#8220;Text&#8220; _builder_version=&#8220;4.16&#8243; _module_preset=&#8220;default&#8220; global_colors_info=&#8220;{}&#8220;]<\/p>\n<h2><strong>Preistr\u00e4ger 2019<\/strong><\/h2>\n<p>[\/et_pb_text][\/et_pb_column][et_pb_column type=&#8220;1_4&#8243; _builder_version=&#8220;4.16&#8243; _module_preset=&#8220;default&#8220; global_colors_info=&#8220;{}&#8220;][\/et_pb_column][et_pb_column type=&#8220;1_4&#8243; _builder_version=&#8220;4.16&#8243; _module_preset=&#8220;default&#8220; global_colors_info=&#8220;{}&#8220;][\/et_pb_column][\/et_pb_row][et_pb_row column_structure=&#8220;1_4,1_4,1_4,1_4&#8243; admin_label=&#8220;row&#8220; _builder_version=&#8220;4.16&#8243; background_size=&#8220;initial&#8220; background_position=&#8220;top_left&#8220; background_repeat=&#8220;repeat&#8220; global_colors_info=&#8220;{}&#8220;][et_pb_column type=&#8220;1_4&#8243; _builder_version=&#8220;4.16&#8243; custom_padding=&#8220;|||&#8220; global_colors_info=&#8220;{}&#8220; custom_padding__hover=&#8220;|||&#8220;][\/et_pb_column][et_pb_column type=&#8220;1_4&#8243; _builder_version=&#8220;4.16&#8243; custom_padding=&#8220;|||&#8220; global_colors_info=&#8220;{}&#8220; custom_padding__hover=&#8220;|||&#8220;][et_pb_image src=&#8220;https:\/\/www.forumvelden.at\/wp-content\/uploads\/2021\/08\/DrFranzVRANITZKY-2.jpg&#8220; title_text=&#8220;DrFranzVRANITZKY-2&#8243; _builder_version=&#8220;4.16&#8243; custom_margin=&#8220;||||false|false&#8220; global_colors_info=&#8220;{}&#8220;][\/et_pb_image][et_pb_text admin_label=&#8220;Text Nominierte 2019&#8243; module_id=&#8220;euro_nomin&#8220; _builder_version=&#8220;4.16&#8243; background_size=&#8220;initial&#8220; background_position=&#8220;top_left&#8220; background_repeat=&#8220;repeat&#8220; use_border_color=&#8220;off&#8220; border_color=&#8220;#ffffff&#8220; border_style=&#8220;solid&#8220; global_colors_info=&#8220;{}&#8220;]<\/p>\n<p><strong>Franz VRANITZKY, Bundeskanzler a.D., Republik \u00d6sterreich \u2013 Kategorie 1<\/strong><br \/>Laudatio: Oliver RATHKOLB, Vorstand Institut f\u00fcr Zeitgeschichte, Universit\u00e4t Wien<\/p>\n<p>[\/et_pb_text][\/et_pb_column][et_pb_column type=&#8220;1_4&#8243; _builder_version=&#8220;4.16&#8243; custom_padding=&#8220;|||&#8220; global_colors_info=&#8220;{}&#8220; custom_padding__hover=&#8220;|||&#8220;][et_pb_image src=&#8220;https:\/\/www.forumvelden.at\/wp-content\/uploads\/2021\/08\/KommRD-HansjoergSPRINGER-2.jpg&#8220; title_text=&#8220;KommRD Hansj\u00f6rgSPRINGER-2&#8243; _builder_version=&#8220;4.16&#8243; global_colors_info=&#8220;{}&#8220;][\/et_pb_image][et_pb_text admin_label=&#8220;Text Nominierte 2019&#8243; module_id=&#8220;euro_nomin&#8220; _builder_version=&#8220;4.16&#8243; background_size=&#8220;initial&#8220; background_position=&#8220;top_left&#8220; background_repeat=&#8220;repeat&#8220; use_border_color=&#8220;off&#8220; border_color=&#8220;#ffffff&#8220; border_style=&#8220;solid&#8220; global_colors_info=&#8220;{}&#8220;]<\/p>\n<p><strong>Hansj\u00f6rg SPRINGER, Vorsitzender des Beirates, Springer Maschinenfabrik \u2013 Kategorie 2<\/strong><br \/>Laudatio: G\u00fcnther P\u00d6SCHL, Gesch\u00e4ftsf\u00fchrer, APP Steuerberatung<\/p>\n<p>[\/et_pb_text][\/et_pb_column][et_pb_column type=&#8220;1_4&#8243; _builder_version=&#8220;4.16&#8243; custom_padding=&#8220;|||&#8220; global_colors_info=&#8220;{}&#8220; custom_padding__hover=&#8220;|||&#8220;][et_pb_image src=&#8220;https:\/\/www.forumvelden.at\/wp-content\/uploads\/2021\/08\/DrHugoPORTISCH-2.jpg&#8220; title_text=&#8220;DrHugoPORTISCH-2&#8243; admin_label=&#8220;Bild&#8220; _builder_version=&#8220;4.16&#8243; global_colors_info=&#8220;{}&#8220;][\/et_pb_image][et_pb_text admin_label=&#8220;Text Nominierte 2019&#8243; module_id=&#8220;euro_nomin&#8220; _builder_version=&#8220;4.16&#8243; background_size=&#8220;initial&#8220; background_position=&#8220;top_left&#8220; background_repeat=&#8220;repeat&#8220; use_border_color=&#8220;off&#8220; border_color=&#8220;#ffffff&#8220; border_style=&#8220;solid&#8220; global_colors_info=&#8220;{}&#8220;]<\/p>\n<p><strong>Hugo PORTISCH, Journalist, Polit- und Geschichtsexperte \u2013 Kategorie 3<\/strong><br \/>Laudatio: Christine GRAF, Gr\u00fcnderin, YOUR OFFICE &#8211; Managed Business Services<\/p>\n<p>[\/et_pb_text][\/et_pb_column][\/et_pb_row][et_pb_row column_structure=&#8220;1_4,3_4&#8243; admin_label=&#8220;row&#8220; _builder_version=&#8220;4.16&#8243; background_size=&#8220;initial&#8220; background_position=&#8220;top_left&#8220; background_repeat=&#8220;repeat&#8220; global_colors_info=&#8220;{}&#8220;][et_pb_column type=&#8220;1_4&#8243; _builder_version=&#8220;4.16&#8243; custom_padding=&#8220;|||&#8220; global_colors_info=&#8220;{}&#8220; custom_padding__hover=&#8220;|||&#8220;][\/et_pb_column][et_pb_column type=&#8220;3_4&#8243; _builder_version=&#8220;4.16&#8243; custom_padding=&#8220;|||&#8220; global_colors_info=&#8220;{}&#8220; custom_padding__hover=&#8220;|||&#8220;][et_pb_text admin_label=&#8220;Text Preistr\u00e4ger&#8220; module_id=&#8220;euro_award&#8220; _builder_version=&#8220;4.16&#8243; background_size=&#8220;initial&#8220; background_position=&#8220;top_left&#8220; background_repeat=&#8220;repeat&#8220; use_border_color=&#8220;off&#8220; border_color=&#8220;#ffffff&#8220; border_style=&#8220;solid&#8220; global_colors_info=&#8220;{}&#8220;]<\/p>\n<h4><strong>Preistr\u00e4ger 2009<\/strong><\/h4>\n<p><strong>Vizekanzler und Au\u00dfenminister a.D. Dr. Alois Mock<\/strong> &#8211; Kategorie 1<\/p>\n<p>Laudatio: Dr. Josef Riegler, Vizekanzler a.D. Hier k\u00f6nnen Sie die <a href=\"https:\/\/www.forumvelden.at\/wp-content\/uploads\/2016\/06\/Laudatio-an-Vizekanzler-und-Au\u00dfenminister-a.pdf\">Laudatio nachlesen<\/a>!<\/p>\n<p><!--<img loading=\"lazy\" decoding=\"async\" class=\"size-medium wp-image-533 aligncenter\" src=\"https:\/\/www.forumvelden.at\/wp-content\/uploads\/2016\/06\/Mock-300x169.jpg\" alt=\"\" width=\"300\" height=\"169\" \/>--><\/p>\n<p><strong>Gr\u00fcnder und ehemaliger Gesch\u00e4ftsf\u00fchrer MAHLE St. Michael\/Bleiburg KR Franz Mlinar<\/strong> &#8211; Kategorie 2<\/p>\n<p>Laudatio: Dr. Gerd Seeber, Rechtsanwalt. Hier k\u00f6nnen Sie die <a href=\"https:\/\/www.forumvelden.at\/wp-content\/uploads\/2016\/06\/Laudatio-an-Franz-Mlinar.pdf\">Laudatio nachlesen<\/a>!<\/p>\n<p><img loading=\"lazy\" decoding=\"async\" class=\"size-medium wp-image-479 aligncenter\" src=\"https:\/\/www.forumvelden.at\/wp-content\/uploads\/2016\/06\/EURPAEUS2009_Mlinar-300x200.jpg\" alt=\"EURPAEUS2009_Mlinar\" width=\"300\" height=\"200\" srcset=\"https:\/\/www.forumvelden.at\/wp-content\/uploads\/2016\/06\/EURPAEUS2009_Mlinar-300x200.jpg 300w, https:\/\/www.forumvelden.at\/wp-content\/uploads\/2016\/06\/EURPAEUS2009_Mlinar-768x512.jpg 768w, https:\/\/www.forumvelden.at\/wp-content\/uploads\/2016\/06\/EURPAEUS2009_Mlinar.jpg 1024w\" sizes=\"(max-width: 300px) 100vw, 300px\" \/><\/p>\n<p><strong>Gr\u00fcnder und ehemaliger Gesch\u00e4ftsf\u00fchrer von Rogner Int. KR Robert Rogner<\/strong> &#8211; Kategorie 2<\/p>\n<p>Laudatio: Dieter Otte, Journalist. Hier k\u00f6nnen Sie die <a href=\"https:\/\/www.forumvelden.at\/wp-content\/uploads\/2016\/06\/Laudatio-an-Robert-Rogner-sen.pdf\">Laudatio nachlesen<\/a>!<\/p>\n<p><img loading=\"lazy\" decoding=\"async\" class=\"size-medium wp-image-480 aligncenter\" src=\"https:\/\/www.forumvelden.at\/wp-content\/uploads\/2016\/06\/EURPAEUS2009_Rogner-300x200.jpg\" alt=\"EURPAEUS2009_Rogner\" width=\"300\" height=\"200\" srcset=\"https:\/\/www.forumvelden.at\/wp-content\/uploads\/2016\/06\/EURPAEUS2009_Rogner-300x200.jpg 300w, https:\/\/www.forumvelden.at\/wp-content\/uploads\/2016\/06\/EURPAEUS2009_Rogner-768x512.jpg 768w, https:\/\/www.forumvelden.at\/wp-content\/uploads\/2016\/06\/EURPAEUS2009_Rogner.jpg 1024w\" sizes=\"(max-width: 300px) 100vw, 300px\" \/><\/p>\n<p>&nbsp;<\/p>\n<h4><strong>Preistr\u00e4ger 2011<\/strong><\/h4>\n<p><strong>Landtagspr\u00e4sident und Pr\u00e4sident a.D. der Europah\u00e4user \u00d6sterreichs Dr. Josef Schantl<\/strong> &#8211; Kategorie 1<\/p>\n<p>Laudatio: Minister a.D. Dr. Werner Fasslabend<\/p>\n<p><img loading=\"lazy\" decoding=\"async\" class=\"size-medium wp-image-482 aligncenter\" src=\"https:\/\/www.forumvelden.at\/wp-content\/uploads\/2016\/06\/6273940002_b8f07e7838_o-300x200.jpg\" alt=\"6273940002_b8f07e7838_o\" width=\"300\" height=\"200\" srcset=\"https:\/\/www.forumvelden.at\/wp-content\/uploads\/2016\/06\/6273940002_b8f07e7838_o-300x200.jpg 300w, https:\/\/www.forumvelden.at\/wp-content\/uploads\/2016\/06\/6273940002_b8f07e7838_o-768x511.jpg 768w, https:\/\/www.forumvelden.at\/wp-content\/uploads\/2016\/06\/6273940002_b8f07e7838_o-1024x681.jpg 1024w, https:\/\/www.forumvelden.at\/wp-content\/uploads\/2016\/06\/6273940002_b8f07e7838_o-1080x719.jpg 1080w, https:\/\/www.forumvelden.at\/wp-content\/uploads\/2016\/06\/6273940002_b8f07e7838_o.jpg 1936w\" sizes=\"(max-width: 300px) 100vw, 300px\" \/><\/p>\n<p><strong>Pr\u00e4sident a.D. der Wirtschaftskammern Europas und Pr\u00e4sident der Wirtschaftskammer \u00d6sterreich Dr. Christoph Leitl<\/strong> &#8211; Kategorie 2<\/p>\n<p>Laudatio: Vizepr\u00e4sident der Europ\u00e4ischen Kommission und EU-Kommissar a.D. G\u00fcnter Verheugen<\/p>\n<p><img loading=\"lazy\" decoding=\"async\" class=\"size-medium wp-image-483 aligncenter\" src=\"https:\/\/www.forumvelden.at\/wp-content\/uploads\/2016\/06\/6273962350_f42634c119_o-300x200.jpg\" alt=\"6273962350_f42634c119_o\" width=\"300\" height=\"200\" srcset=\"https:\/\/www.forumvelden.at\/wp-content\/uploads\/2016\/06\/6273962350_f42634c119_o-300x200.jpg 300w, https:\/\/www.forumvelden.at\/wp-content\/uploads\/2016\/06\/6273962350_f42634c119_o-768x511.jpg 768w, https:\/\/www.forumvelden.at\/wp-content\/uploads\/2016\/06\/6273962350_f42634c119_o-1024x681.jpg 1024w, https:\/\/www.forumvelden.at\/wp-content\/uploads\/2016\/06\/6273962350_f42634c119_o-1080x719.jpg 1080w, https:\/\/www.forumvelden.at\/wp-content\/uploads\/2016\/06\/6273962350_f42634c119_o.jpg 1936w\" sizes=\"(max-width: 300px) 100vw, 300px\" \/><\/p>\n<p>&nbsp;<\/p>\n<h4><strong>Preistr\u00e4ger 2014<\/strong><\/h4>\n<p><strong>50 Jahre Europahaus Klagenfurt<\/strong>, Preis\u00fcbernahme durch Pr\u00e4sident <strong>Nikolaus Lanner<\/strong>\u00a0&#8211; Kategorie 1<\/p>\n<p>Laudatio: Landeshauptmann Dr. Peter Kaiser<\/p>\n<p><img loading=\"lazy\" decoding=\"async\" class=\"size-medium wp-image-484 aligncenter\" src=\"https:\/\/www.forumvelden.at\/wp-content\/uploads\/2016\/06\/15207914777_1bc7f8957a_o-300x200.jpg\" alt=\"15207914777_1bc7f8957a_o\" width=\"300\" height=\"200\" srcset=\"https:\/\/www.forumvelden.at\/wp-content\/uploads\/2016\/06\/15207914777_1bc7f8957a_o-300x200.jpg 300w, https:\/\/www.forumvelden.at\/wp-content\/uploads\/2016\/06\/15207914777_1bc7f8957a_o-768x512.jpg 768w, https:\/\/www.forumvelden.at\/wp-content\/uploads\/2016\/06\/15207914777_1bc7f8957a_o-1024x683.jpg 1024w, https:\/\/www.forumvelden.at\/wp-content\/uploads\/2016\/06\/15207914777_1bc7f8957a_o-1080x720.jpg 1080w\" sizes=\"(max-width: 300px) 100vw, 300px\" \/><\/p>\n<p><strong>Wirtschaftskammer-Pr\u00e4sident a.D. KR Franz Pacher<\/strong> &#8211; Kategorie 2<\/p>\n<p>Laudatio: Hans Gasser, Medienmanager<\/p>\n<p><img loading=\"lazy\" decoding=\"async\" class=\"size-medium wp-image-485 aligncenter\" src=\"https:\/\/www.forumvelden.at\/wp-content\/uploads\/2016\/06\/15371394776_cc79ef174b_o-300x200.jpg\" alt=\"15371394776_cc79ef174b_o\" width=\"300\" height=\"200\" srcset=\"https:\/\/www.forumvelden.at\/wp-content\/uploads\/2016\/06\/15371394776_cc79ef174b_o-300x200.jpg 300w, https:\/\/www.forumvelden.at\/wp-content\/uploads\/2016\/06\/15371394776_cc79ef174b_o-768x512.jpg 768w, https:\/\/www.forumvelden.at\/wp-content\/uploads\/2016\/06\/15371394776_cc79ef174b_o-1024x683.jpg 1024w, https:\/\/www.forumvelden.at\/wp-content\/uploads\/2016\/06\/15371394776_cc79ef174b_o-1080x720.jpg 1080w\" sizes=\"(max-width: 300px) 100vw, 300px\" \/><\/p>\n<p>&nbsp;<\/p>\n<h4 style=\"font-weight: 400;\"><strong>Preistr\u00e4ger 2016<\/strong><\/h4>\n<p><img loading=\"lazy\" decoding=\"async\" class=\"wp-image-1879 size-medium aligncenter\" src=\"https:\/\/www.forumvelden.at\/wp-content\/uploads\/2019\/10\/EUROPAEUS-2016-3-300x169.jpg\" alt=\"\" width=\"300\" height=\"169\" \/><\/p>\n<p style=\"font-weight: 400;\"><strong>Dr. Heinz FISCHER, Bundespr\u00e4sident a.D., Republik \u00d6sterreich<\/strong>\u00a0\u2013 Kategorie 1<\/p>\n<p style=\"font-weight: 400;\">Laudatio: Mag. Christian KERN, Bundeskanzler, Republik \u00d6sterreich<\/p>\n<p style=\"font-weight: 400;\"><img loading=\"lazy\" decoding=\"async\" class=\"wp-image-1104 size-medium aligncenter\" src=\"https:\/\/www.forumvelden.at\/wp-content\/uploads\/2016\/08\/BP_Fischer_400_01-300x203.jpg\" alt=\"\" width=\"300\" height=\"203\" srcset=\"https:\/\/www.forumvelden.at\/wp-content\/uploads\/2016\/08\/BP_Fischer_400_01-300x203.jpg 300w, https:\/\/www.forumvelden.at\/wp-content\/uploads\/2016\/08\/BP_Fischer_400_01.jpg 400w\" sizes=\"(max-width: 300px) 100vw, 300px\" \/><\/p>\n<p>&nbsp;<\/p>\n<p style=\"font-weight: 400;\"><strong>DI Dr. Bernd und DI Heinz WOLSCHNER, Eigent\u00fcmer, SW Umwelttechnik Stoiser &amp; Wolschner AG<\/strong>\u00a0\u2013 Kategorie 2<\/p>\n<p style=\"font-weight: 400;\">Laudatio: Dr. Erika TEOMAN-BRENNER, Wirtschaftsdelegierte,\u00a0 WKO-Au\u00dfenwirtschaftsCenter Belgrad<\/p>\n<p style=\"font-weight: 400;\"><img loading=\"lazy\" decoding=\"async\" class=\"wp-image-1876 size-medium aligncenter\" src=\"https:\/\/www.forumvelden.at\/wp-content\/uploads\/2019\/10\/Wolschner_2016-2-300x200.jpg\" alt=\"\" width=\"300\" height=\"200\" \/><\/p>\n<p style=\"font-weight: 400;\"><strong>Sendereihe \u201eServus, Srecno, Ciao\u201c (*2000), ORF Landesstudio K\u00e4rnten \u2013 Kategorie 3<\/strong><\/p>\n<p style=\"font-weight: 400;\">Laudatio: Mag. Martina RATTINGER, Leiterin, EU-Verbindungsb\u00fcro Land K\u00e4rnten in Br\u00fcssel<\/p>\n<p style=\"font-weight: 400;\"><img loading=\"lazy\" decoding=\"async\" class=\"wp-image-1873 size-medium aligncenter\" src=\"https:\/\/www.forumvelden.at\/wp-content\/uploads\/2019\/10\/ORF-2016-300x200.jpg\" alt=\"\" width=\"300\" height=\"200\" \/><\/p>\n<p>&nbsp;<\/p>\n<p>[\/et_pb_text][\/et_pb_column][\/et_pb_row][et_pb_row column_structure=&#8220;1_4,3_4&#8243; padding_mobile=&#8220;off&#8220; column_padding_mobile=&#8220;on&#8220; admin_label=&#8220;Zeile&#8220; _builder_version=&#8220;4.16&#8243; background_size=&#8220;initial&#8220; background_position=&#8220;top_left&#8220; background_repeat=&#8220;repeat&#8220; custom_margin=&#8220;||0px|&#8220; make_fullwidth=&#8220;off&#8220; use_custom_width=&#8220;off&#8220; width_unit=&#8220;on&#8220; global_colors_info=&#8220;{}&#8220;][et_pb_column type=&#8220;1_4&#8243; _builder_version=&#8220;4.16&#8243; custom_padding=&#8220;||0px|&#8220; global_colors_info=&#8220;{}&#8220; custom_padding__hover=&#8220;|||&#8220;][\/et_pb_column][et_pb_column type=&#8220;3_4&#8243; _builder_version=&#8220;4.16&#8243; custom_padding=&#8220;||0px|&#8220; global_colors_info=&#8220;{}&#8220; custom_padding__hover=&#8220;|||&#8220;][et_pb_text admin_label=&#8220;Text Service&#8220; module_id=&#8220;euro_serv&#8220; _builder_version=&#8220;4.16&#8243; background_size=&#8220;initial&#8220; background_position=&#8220;top_left&#8220; background_repeat=&#8220;repeat&#8220; use_border_color=&#8220;off&#8220; border_color=&#8220;#ffffff&#8220; border_style=&#8220;solid&#8220; global_colors_info=&#8220;{}&#8220;]<\/p>\n<hr \/>\n<h2>Service<\/h2>\n<h4>Hotelreservierung in Velden<\/h4>\n<p>Siehe <a href=\"https:\/\/www.woerthersee.com\/de\/velden\" target=\"_blank\" rel=\"noopener noreferrer\">https:\/\/www.woerthersee.com\/de\/velden<\/a><\/p>\n<h4>Reiseinformationen<\/h4>\n<p>Velden liegt im s\u00fcdlichsten Bundesland \u00d6sterreichs, K\u00e4rnten, ungef\u00e4hr 330 km von Wien und ca. 25 km von Klagenfurt entfernt, nahe der Grenze zu Slowenien und Italien. Abgeschirmt von den n\u00f6rdlichen Alpen sorgt die S\u00fcd-West-Wetterlage f\u00fcr ein angenehmes, fast mediterranes Klima. Velden weist eine lange Tradition als Erholungs- und Badeort auf und ist heute vor allem \u201cder\u201d Urlaubsort am W\u00f6rthersee, wo sich Erholungsuchende aus aller Welt einfinden.<\/p>\n<h6><strong>Anreise mit dem Auto<\/strong><\/h6>\n<p>Von Italien\/Villach und von Wien: \u00fcber die Autobahn A2 \u201cS\u00fcdautobahn\u201d Von Salzburg\/M\u00fcnchen: \u00fcber die Autobahn A10 \u201cTauernautobahn\u201d. Die Autobahnausfahrt \u201cVelden West\u201d, bis zum Kreisverkehr, beim Kreisverkehr nehmen Sie bitte die Ausfahrt Richtung \u201eZentrum Velden\u201d. Parken in der Casino-Tiefgarage Parktickets der Casino-Tiefgarage bringen Sie bitte zur Veranstaltung mit. Wir tauschen die Einfahrttickets gegen ein reduziertes Ausfahrtticket um.<\/p>\n<h6><strong>Anreise mit dem Zug<\/strong><\/h6>\n<p>Von Wien \u00fcber Semmering, St. Veit, Klagenfurt nach Velden. Aus Deutschland \u00fcber Salzburg und Villach nach Velden. Aus Italien \u00fcber Udine und Villach nach Velden.<\/p>\n<h6><strong>Anreise mit dem Flugzeug<\/strong><\/h6>\n<p>Flugverbindungen von Wien, K\u00f6ln\/Bonn nach Klagenfurt (KLU). Als Ausweichflughafen empfehlen wir Ihnen den Flughafen Ljubljana, dieser befindet sich nur 85 Kilometer entfernt.<\/p>\n<h6><strong>Shuttleservice<\/strong><\/h6>\n<p>Finden Sie am Flughafen und bringen Sie zum Hotel oder zum Casino Velden.<\/p>\n<p>&nbsp;<\/p>\n<h4>K\u00e4rnten<\/h4>\n<p>K\u00e4rnten ist das s\u00fcdlichste Bundesland \u00d6sterreichs und liegt am Schnittpunkt der slawischen, romanischen und germanischen Kultur, an der Grenze zu Italien und Slowenien. In n\u00e4chster N\u00e4he zu den herrlichen Gipfeln der Alpen, umringt von ber\u00fchmten Seen, traumhafter Naturlandschaft, kulinarischer Hochgen\u00fcsse, kultureller Sehensw\u00fcrdigkeiten und Wellness-Oasen.<\/p>\n<p>&nbsp;<\/p>\n<h4>Weiterf\u00fchrende Links<\/h4>\n<p>K\u00e4rnten Tourismus: <a href=\"http:\/\/www.kaernten.at\" target=\"_blank\" rel=\"noopener noreferrer\">www.kaernten.at<\/a><br \/>K\u00e4rnten: <a href=\"http:\/\/www.kaernten.gv.at\" target=\"_blank\" rel=\"noopener noreferrer\">www.kaernten.gv.at<\/a><br \/>\u00d6sterreich Tourismus: <a href=\"http:\/\/www.austria-tourism.at\" target=\"_blank\" rel=\"noopener noreferrer\">www.austria-tourism.at<\/a><br \/>\u00d6sterreich Information: <a href=\"http:\/\/www.austria.info\" target=\"_blank\" rel=\"noopener noreferrer\">www.austria.info<\/a><\/p>\n<p>&nbsp;<\/p>\n<p>[\/et_pb_text][et_pb_text admin_label=&#8220;Text Presse&#8220; module_id=&#8220;euro_press&#8220; _builder_version=&#8220;4.16&#8243; background_size=&#8220;initial&#8220; background_position=&#8220;top_left&#8220; background_repeat=&#8220;repeat&#8220; use_border_color=&#8220;off&#8220; border_color=&#8220;#ffffff&#8220; border_style=&#8220;solid&#8220; global_colors_info=&#8220;{}&#8220;]<\/p>\n<hr \/>\n<h2>Presse<\/h2>\n<p>Hier stehen honorarfreie Presseinformationen (Bilder und Texte) zum Download bereit.<\/p>\n<h4>Pressekontakt<\/h4>\n<p>Mag. Walter Prutej<br \/>T: +43 664 25 28 230<br \/>E: <a href=\"mailto:office@www.forumvelden.at\">office@www.forumvelden.at<\/a><\/p>\n<h4>Presseakkreditierung<\/h4>\n<p>Wir freuen uns auf Ihre Teilnahme als Pressevertreterin bzw. Pressevertreter. Wir bitten Sie, sich sp\u00e4testens bis Freitag, den 31. Oktober 2019 per E-Mail an <a href=\"mailto:office@forumvelden.at\">office@forumvelden.at<\/a>\u00a0zu akkreditieren. Fragen zur Akkreditierung richten sie bitte an <a href=\"mailto:office@forumvelden.at\">office@forumvelden.at<\/a><\/p>\n<h4>Downloads<\/h4>\n<p>Informationen folgen in K\u00fcrze.<\/p>\n<p>[\/et_pb_text][et_pb_text admin_label=&#8220;Text Partner&#8220; module_id=&#8220;euro_part&#8220; _builder_version=&#8220;4.16&#8243; background_size=&#8220;initial&#8220; background_position=&#8220;top_left&#8220; background_repeat=&#8220;repeat&#8220; use_border_color=&#8220;off&#8220; border_color=&#8220;#ffffff&#8220; border_style=&#8220;solid&#8220; global_colors_info=&#8220;{}&#8220;]<\/p>\n<hr \/>\n<h2>Partner<\/h2>\n<p><img loading=\"lazy\" decoding=\"async\" class=\"size-medium wp-image-536 aligncenter\" src=\"https:\/\/www.forumvelden.at\/wp-content\/uploads\/2016\/06\/logos_euro-300x96.jpg\" alt=\"logos_euro\" width=\"600\" height=\"192\" srcset=\"https:\/\/www.forumvelden.at\/wp-content\/uploads\/2016\/06\/logos_euro-300x96.jpg 300w, https:\/\/www.forumvelden.at\/wp-content\/uploads\/2016\/06\/logos_euro-768x245.jpg 768w, https:\/\/www.forumvelden.at\/wp-content\/uploads\/2016\/06\/logos_euro-1024x326.jpg 1024w, https:\/\/www.forumvelden.at\/wp-content\/uploads\/2016\/06\/logos_euro-1080x344.jpg 1080w\" sizes=\"(max-width: 600px) 100vw, 600px\" \/><\/p>\n<h2><\/h2>\n<p>[\/et_pb_text][et_pb_text disabled_on=&#8220;off|off|off&#8220; admin_label=&#8220;Text Medien&#8220; module_id=&#8220;euro_media&#8220; _builder_version=&#8220;4.16&#8243; background_size=&#8220;initial&#8220; background_position=&#8220;top_left&#8220; background_repeat=&#8220;repeat&#8220; use_border_color=&#8220;off&#8220; border_color=&#8220;#ffffff&#8220; border_style=&#8220;solid&#8220; global_colors_info=&#8220;{}&#8220;]<\/p>\n<hr \/>\n<h2 style=\"text-align: left;\">R\u00fcckblick &amp; Medien<\/h2>\n<p>[\/et_pb_text][et_pb_text _builder_version=&#8220;4.16&#8243; global_colors_info=&#8220;{}&#8220;]<\/p>\n<p><a href=\"https:\/\/www.forumvelden.at\/de\/galerie-europaeus-2019\/\" target=\"_blank\" rel=\"noopener noreferrer\">Fotogalerie zur Veranstaltung<\/a><\/p>\n<p>[\/et_pb_text][et_pb_blurb title=&#8220;PRESSEMATERIAL&#8220; url=&#8220;https:\/\/www.forumvelden.at\/de\/presse-europaeus-2019\/&#8220; use_icon=&#8220;on&#8220; font_icon=&#8220;&#x69;||divi||400&#8243; image_icon_background_color=&#8220;#ffffff&#8220; icon_placement=&#8220;left&#8220; image_icon_width=&#8220;16px&#8220; _builder_version=&#8220;4.16&#8243; background_color=&#8220;#e2e2e2&#8243; image_icon_custom_padding=&#8220;8px|8px|8px|8px|false|false&#8220; custom_padding=&#8220;15px||15px||false|false&#8220; link_option_url=&#8220;https:\/\/www.forumvelden.at\/de\/presse-europaeus-2019\/&#8220; border_radii_image=&#8220;on|100%|100%|100%|100%&#8220; border_width_all_image=&#8220;2px&#8220; border_color_all_image=&#8220;#004181&#8243; use_circle=&#8220;on&#8220; use_circle_border=&#8220;on&#8220; circle_color=&#8220;#ffffff&#8220; global_colors_info=&#8220;{}&#8220; image_icon_background_color__sticky_enabled=&#8220;#004181&#8243; image_icon_background_color__sticky=&#8220;#004181&#8243;]Hier finden Sie aktuelles Medienmaterial zum EUROPAEUS 2019.[\/et_pb_blurb][\/et_pb_column][\/et_pb_row][et_pb_row column_structure=&#8220;1_3,1_3,1_3&#8243; padding_mobile=&#8220;off&#8220; column_padding_mobile=&#8220;on&#8220; disabled_on=&#8220;on|on|on&#8220; admin_label=&#8220;Zeile&#8220; _builder_version=&#8220;3.29.3&#8243; background_size=&#8220;initial&#8220; background_position=&#8220;top_left&#8220; background_repeat=&#8220;repeat&#8220; custom_margin=&#8220;0px|||&#8220; custom_margin_tablet=&#8220;&#8220; custom_margin_phone=&#8220;&#8220; custom_margin_last_edited=&#8220;on|desktop&#8220; make_fullwidth=&#8220;off&#8220; use_custom_width=&#8220;off&#8220; width_unit=&#8220;on&#8220; disabled=&#8220;on&#8220; global_module=&#8220;315&#8243; global_colors_info=&#8220;{}&#8220;][et_pb_column type=&#8220;1_3&#8243; _builder_version=&#8220;4.16&#8243; custom_padding=&#8220;0px|||&#8220; global_colors_info=&#8220;{}&#8220; custom_padding__hover=&#8220;|||&#8220;][\/et_pb_column][et_pb_column type=&#8220;1_3&#8243; _builder_version=&#8220;4.16&#8243; custom_padding=&#8220;0px|||&#8220; global_colors_info=&#8220;{}&#8220; custom_padding__hover=&#8220;|||&#8220;][et_pb_image src=&#8220;https:\/\/www.forumvelden.at\/wp-content\/uploads\/2016\/05\/videos.png&#8220; url=&#8220;https:\/\/www.youtube.com\/user\/forumvelden&#8220; url_new_window=&#8220;on&#8220; use_overlay=&#8220;on&#8220; hover_icon=&#8220;&#x3d;||divi||400&#8243; align_tablet=&#8220;center&#8220; align_phone=&#8220;&#8220; align_last_edited=&#8220;on|desktop&#8220; admin_label=&#8220;Bild Videos&#8220; _builder_version=&#8220;4.16&#8243; animation_style=&#8220;fade&#8220; animation_duration=&#8220;500ms&#8220; animation=&#8220;fade_in&#8220; sticky=&#8220;off&#8220; use_border_color=&#8220;off&#8220; border_color=&#8220;#ffffff&#8220; border_style=&#8220;solid&#8220; always_center_on_mobile=&#8220;on&#8220; global_colors_info=&#8220;{}&#8220;][\/et_pb_image][\/et_pb_column][et_pb_column type=&#8220;1_3&#8243; _builder_version=&#8220;4.16&#8243; custom_padding=&#8220;0px|||&#8220; global_colors_info=&#8220;{}&#8220; custom_padding__hover=&#8220;|||&#8220;][et_pb_image src=&#8220;https:\/\/www.forumvelden.at\/wp-content\/uploads\/2016\/05\/slideshare.png&#8220; url=&#8220;http:\/\/de.slideshare.net\/forumvelden&#8220; url_new_window=&#8220;on&#8220; use_overlay=&#8220;on&#8220; hover_icon=&#8220;&#x3d;||divi||400&#8243; align_tablet=&#8220;center&#8220; align_phone=&#8220;&#8220; align_last_edited=&#8220;on|desktop&#8220; admin_label=&#8220;Bild Slideshare&#8220; _builder_version=&#8220;4.16&#8243; animation_style=&#8220;fade&#8220; animation_duration=&#8220;500ms&#8220; animation=&#8220;fade_in&#8220; sticky=&#8220;off&#8220; use_border_color=&#8220;off&#8220; border_color=&#8220;#ffffff&#8220; border_style=&#8220;solid&#8220; always_center_on_mobile=&#8220;on&#8220; global_colors_info=&#8220;{}&#8220;][\/et_pb_image][\/et_pb_column][\/et_pb_row][\/et_pb_section]<\/p>\n","protected":false},"excerpt":{"rendered":"<p>&nbsp; &nbsp; &nbsp; ANMELDENPREISTR\u00c4GERNOMINIERTESERVICEPRESSEPARTNER&nbsp; Hier finden Sie aktuelles Medienmaterial zum EUROPAEUS.&nbsp; EUROPAEUS 2021 01.10.2021, Velden am W\u00f6rthersee, Casino Der Europapreis EUROPAEUS wurde erstmals 2009 als Gemeinschaftspreis vom Land K\u00e4rnten, der Wirtschaftskammer K\u00e4rnten und des Forum Velden zum Anlass der Jubil\u00e4en \u201e20 Jahre Ost\u00f6ffnung\u201c und \u201e5 Jahre EU-Osterweiterung\u201c im Rahmen des CEE-Wirtschaftsforums Velden verliehen. Preistr\u00e4ger sind [&hellip;]<\/p>\n","protected":false},"author":2,"featured_media":0,"parent":0,"menu_order":0,"comment_status":"closed","ping_status":"closed","template":"","meta":{"_et_pb_use_builder":"on","_et_pb_old_content":"","_et_gb_content_width":"","ngg_post_thumbnail":0,"footnotes":""},"_links":{"self":[{"href":"https:\/\/www.forumvelden.at\/de\/wp-json\/wp\/v2\/pages\/222"}],"collection":[{"href":"https:\/\/www.forumvelden.at\/de\/wp-json\/wp\/v2\/pages"}],"about":[{"href":"https:\/\/www.forumvelden.at\/de\/wp-json\/wp\/v2\/types\/page"}],"author":[{"embeddable":true,"href":"https:\/\/www.forumvelden.at\/de\/wp-json\/wp\/v2\/users\/2"}],"replies":[{"embeddable":true,"href":"https:\/\/www.forumvelden.at\/de\/wp-json\/wp\/v2\/comments?post=222"}],"version-history":[{"count":145,"href":"https:\/\/www.forumvelden.at\/de\/wp-json\/wp\/v2\/pages\/222\/revisions"}],"predecessor-version":[{"id":2792,"href":"https:\/\/www.forumvelden.at\/de\/wp-json\/wp\/v2\/pages\/222\/revisions\/2792"}],"wp:attachment":[{"href":"https:\/\/www.forumvelden.at\/de\/wp-json\/wp\/v2\/media?parent=222"}],"curies":[{"name":"wp","href":"https:\/\/api.w.org\/{rel}","templated":true}]}}