{"id":309,"date":"2016-06-29T13:34:56","date_gmt":"2016-06-29T11:34:56","guid":{"rendered":"https:\/\/www.forumvelden.at\/?page_id=309"},"modified":"2018-10-18T18:30:27","modified_gmt":"2018-10-18T16:30:27","slug":"impressum","status":"publish","type":"page","link":"https:\/\/www.forumvelden.at\/de\/impressum\/","title":{"rendered":"Impressum"},"content":{"rendered":"<h4><strong>FAKTEN UND OFFENLEGUNG FORUM VELDEN<\/strong><\/h4>\n<p>Kooperationen, Kontakte und Netzwerke sind die Bausteine und Bauger\u00fcste f\u00fcr gute Beziehungen in Wirtschaft, Politik und Gesellschaft. In diesem Sinne wollen wir Baumeister und Architekten einer erfolgreichen Zukunft K\u00e4rntens, Europas und der Welt sein.<\/p>\n<ul>\n<li>2.500 Teilnehmer bisher<\/li>\n<li>davon 51 % Manager und Unternehmer, 23 % Experten und Berater sowie 15 % Wirtschaftspolitiker<\/li>\n<li>wovon mind. 70 % gerne wieder kommen<\/li>\n<\/ul>\n<p><strong>Verantwortlich f\u00fcr Inhalt, Organisation und Event-Management<\/strong><br \/>\nMag. Walter Reinhard Prutej \/ <strong>Forum Velden<\/strong><br \/>\nWulfengasse 16, 9020 Klagenfurt am W\u00f6rthersee, \u00d6sterreich<br \/>\n<a href=\"mailto:office@forumvelden.at\">office@forumvelden.at<\/a><br \/>\n<a href=\"http:\/\/www.www.forumvelden.at\">www.forumvelden.at<\/a><\/p>\n<p><strong>Offizielle Eintragung<br \/>\n<\/strong>UID-Nr.: ATU 62636712<\/p>\n<p><strong>Austrian Anadi Bank<br \/>\n<\/strong>IBAN: AT65 5200 0000 0360 2761<br \/>\nBIC: HAABAT2K<br \/>\nBLZ: 52000<\/p>\n<p><strong>Initiatoren und Veranstalter<\/strong><br \/>\nForum Velden in Kooperation mit dem \u201eVerein zur F\u00f6rderung des Forum Velden\u201c, \u00d6sterreich<\/p>\n<p><strong>Programmleitung<\/strong><br \/>\nCEE-Kompetenzzentrum\/IFSI<br \/>\n<a href=\"http:\/\/www.ifsi.at\">www.ifsi.at<\/a><\/p>\n<p>&nbsp;<\/p>\n<h4><strong>ALLGEMEINE GESCH\u00c4FTSBEDINGUNGEN<br \/>\n<\/strong><\/h4>\n<p>Die Allgemeinen Gesch\u00e4ftsbedingungen des Forum Velden finden Sie <a href=\"https:\/\/www.forumvelden.at\/wp-content\/uploads\/2016\/09\/AGB_Forum_Velden.pdf\" target=\"_blank\" rel=\"noopener\">hier<\/a><\/p>\n<p>&nbsp;<\/p>\n<h4><b><strong>HINWEISE UND HAFTUNGSAUSSCHLUSS<\/strong><\/b><\/h4>\n<p>Im Hinblick auf die technischen Eigenschaften des Internet kann keine Gew\u00e4hr f\u00fcr die Authentizit\u00e4t, Richtigkeit und Vollst\u00e4ndigkeit der im Internet zur Verf\u00fcgung gestellten Informationen \u00fcbernommen werden. Es wird auch keine Gew\u00e4hr f\u00fcr die Verf\u00fcgbarkeit oder den Betrieb der gegenst\u00e4ndlichen Homepage und ihrer Inhalte \u00fcbernommen. Jede Haftung f\u00fcr unmittelbare, mittelbare oder sonstige Sch\u00e4den, unabh\u00e4ngig von deren Ursachen, die aus der Benutzung oder Nichtverf\u00fcgbarkeit der Daten und Informationen dieser Homepage erwachsen, wird, soweit rechtlich zul\u00e4ssig, ausgeschlossen. Soweit im Content personenbezogene Bezeichnungen nur in m\u00e4nnlicher Form angef\u00fchrt sind, beziehen sie sich auf Frauen und M\u00e4nner in gleicher Weise.<\/p>\n<p>&nbsp;<\/p>\n<h4><strong>URHEBERRECHT<\/strong><\/h4>\n<p>Die durch den Seitenbetreiber erstellten Inhalte und Werke auf diesen Seiten unterliegen dem \u00f6sterreichischen Urheberrecht. Die Informationen sind nur f\u00fcr die pers\u00f6nliche Verwendung bestimmt. Jede weitergehende Nutzung insbesondere die Speicherung in Datenbanken, Vervielf\u00e4ltigung, Bearbeitung, Verbreitung und jede Form von gewerblicher Nutzung sowie die Weitergabe an Dritte \u2013 auch in Teilen oder in \u00fcberarbeiteter Form \u2013 ohne Zustimmung des Medieninhabers ist untersagt bzw. bed\u00fcrfen der schriftlichen Zustimmung des jeweiligen Autors bzw. Erstellers. Downloads und Kopien dieser Seite sind nur f\u00fcr den privaten, nicht kommerziellen Gebrauch gestattet. Die Betreiber der Seiten sind bem\u00fcht, stets die Urheberrechte anderer zu beachten bzw. auf selbst erstellte sowie lizenzfreie Werke zur\u00fcckzugreifen.<\/p>\n<p>&nbsp;<\/p>\n<h4><strong>DATENSCHUTZ<\/strong><\/h4>\n<p>Sofern innerhalb des Internetangebotes die M\u00f6glichkeit zur Eingabe pers\u00f6nlicher oder gesch\u00e4ftlicher Daten (Emailadressen, Namen, Anschriften) besteht, so erfolgt die Preisgabe dieser Daten seitens des Nutzers auf ausdr\u00fccklich freiwilliger Basis. Die Inanspruchnahme und Bezahlung aller angebotenen Dienste ist \u2013 soweit technisch m\u00f6glich und zumutbar \u2013 auch ohne Angabe solcher Daten bzw. unter Angabe anonymisierter Daten oder eines Pseudonyms gestattet.<\/p>\n<p>Die Veranstaltung wird von Fotografen, Videoteams und Pressevertretern begleitet. Mit der Anmeldung erteilen die TeilnehmerInnen ihre Zustimmung zur Ver\u00f6ffentlichung der im Rahmen der Veranstaltung entstandenen Fotos und\/oder Videos f\u00fcr redaktionelle Zwecke und\/oder f\u00fcr Kommunikations-, Marketing-, Dokumentation und \u00d6ffentlichkeitsarbeitszwecke.<\/p>\n<p>Wir gehen verantwortungsvoll mit den personenbezogenen Daten unserer Kunden um, wenn Sie die Website nutzen und elektronisch mit uns kommunizieren. Wir sch\u00fctzen die von Ihnen zur Verf\u00fcgung gestellten personenbezogenen Daten und verwenden diese ausschlie\u00dflich unter Einhaltung der geltenden gesetzlichen Regelungen, insbesondere des Telekommunikationsgesetzes 2003 (TKG 2003) sowie des Datenschutzgesetzes 2000 (DSG 2000). Wir erfassen nur personenbezogene Daten, die Sie uns zur Verf\u00fcgung stellen und\/oder die f\u00fcr die Organisation der Veranstaltungen, Gewinnspiele usw. (beispielsweise Name, Adresse, E-Mail-Adresse etc) erforderlich sind. Wir speichern die personenbezogenen Daten nur solange, wie es f\u00fcr den Zweck, f\u00fcr den Sie uns Ihre Daten \u00fcbermittelt haben oder f\u00fcr die Einhaltung gesetzlicher Regelungen erforderlich ist. Bei weiteren Fragen zum Datenschutz wenden Sie sich bitte an <a href=\"mailto:office@forumvelden.at\">office@forumvelden.at<\/a>.<\/p>\n<p><strong>Info zu Google Analytics<\/strong><br \/>\nDiese Website benutzt Google Analytics, einen Webanalysedienst der Google Inc., um eine Analyse der Benutzung der Website zu erm\u00f6glichen. Die durch den Einsatz von Google Analytics erzeugten Informationen \u00fcber Ihre Nutzung diese Website (einschlie\u00dflich Ihrer IP-Adresse) werden an einen Server der Google Inc. in den USA \u00fcbertragen und dort gespeichert. Google wird diese Informationen benutzen, um Ihre Nutzung der Website auszuwerten, um Reports \u00fcber die Websiteaktivit\u00e4ten f\u00fcr die Websitebetreiber zusammenzustellen und um weitere mit der Websitenutzung und der Internetnutzung verbundene Dienstleistungen zu erbringen. Google wird in keinem Fall Ihre IP-Adresse mit anderen Daten von Google in Verbindung bringen. Durch die Nutzung dieser Website erkl\u00e4ren Sie sich mit der Bearbeitung der \u00fcber Sie erhobenen Daten durch Google in der zuvor beschriebenen Art und Weise und zu dem zuvor benannten Zweck einverstanden.<\/p>\n<p><strong>Anonyme Datenerhebung<\/strong><br \/>\nSie k\u00f6nnen die nicht personalisierten Webseiten grunds\u00e4tzlich besuchen, ohne uns mitzuteilen, wer Sie sind. Wir erfahren nur den Namen Ihres Internet Service Providers (Ihre IP-Adresse), die Webseite, von der aus Sie uns besuchen, Datum, Uhrzeit und die Webseiten, die Sie bei uns besuchen. Diese Informationen werden zu statistischen Zwecken ausgewertet. Sie bleiben als einzelner Nutzer hierbei anonym.<\/p>\n<p><strong>Facebook<\/strong><br \/>\nAuf dieser Website werden verschiedene Plugins von Facebook (Facebook Inc., 1601 S. California Ave, Palo Alto, CA 94304, USA) verwendet. Diese Plugins sind entweder mit Wort \u201cFacebook\u201d gekennzeichnet oder erscheinen als blaues \u201eF\u201c, dem typischen Facebook-Symbol. Bei einem Aufruf dieser Webseite wird \u00fcber die Facebook Plugins eine Verbindung zu den Servern von Facebook hergestellt. Hierbei werden Daten \u00fcbermittelt. Um zu verhindern, dass personenbezogene Daten von Ihnen an Facebook \u00fcbermittelt werden, sollten Sie sich bei Facebook ausloggen, wenn Sie diese Website besuchen. Bleiben Sie bei Facebook eingeloggt, k\u00f6nnen Informationen \u00fcber Ihren Besuch auf dieser Website direkt Ihrem Facebook Konto zugeordnet werden. Bei einer Interaktion mit den Funktionen des Plugins, z.B. dr\u00fccken des \u201cGef\u00e4llt mir\u201d Buttons, wird diese Information von Ihrem Browser direkt an Facebook \u00fcbersendet und dort gespeichert. Die Weiterverarbeitung dieser Information obliegt Facebook. Entsprechende Bedingungen und Einstellm\u00f6glichkeiten entnehmen Sie bitte den Datenschutzhinweisen von Facebook.<\/p>\n<p><strong>Einsatz von \u201eCookies\u201c<\/strong><br \/>\nAuf unseren Seiten werden \u201eCookies\u201c eingesetzt. Ein Cookie ist ein kleiner Datensatz, der auf Ihrer Festplatte abgelegt werden kann. Dieser Datensatz wird von dem Web-Server, mit dem Sie \u00fcber Ihren Web-Browser eine Verbindung aufgebaut haben, erzeugt und dann an Sie gesendet. Durch das Cookie k\u00f6nnen Sie beim Besuch der Webseite wiedererkannt werden, ohne dass Daten, die Sie bereits zuvor eingegeben haben, nochmals eingegeben werden m\u00fcssen. Die meisten Browser sind zur Zeit standardm\u00e4\u00dfig so eingestellt, dass sie Cookies automatisch akzeptieren. Sie haben jedoch die M\u00f6glichkeit, Ihren Browser auf die Ablehnung von Cookies oder deren vorherige Anzeige einzustellen. Dar\u00fcber hinaus k\u00f6nnen Sie Cookies auch jederzeit auf Ihrem System (z. B. im Windows Explorer) l\u00f6schen. Bitte benutzen Sie hierf\u00fcr die Hilfefunktion in Ihrem Betriebssystem.<\/p>\n<p><strong>Google +1<\/strong><br \/>\nMithilfe der Google +1-Schaltfl\u00e4che k\u00f6nnen Sie Informationen weltweit ver\u00f6ffentlichen. \u00fcber die Google +1-Schaltfl\u00e4che erhalten Sie und andere Nutzer personalisierte Inhalte von Google und unseren Partnern. Google speichert sowohl die Information, dass Sie f\u00fcr einen Inhalt +1 gegeben haben, als auch Informationen \u00fcber die Seite, die Sie beim Klicken auf +1 angesehen haben. Ihre +1 k\u00f6nnen als Hinweise zusammen mit Ihrem Profilnamen und Ihrem Foto in Google-Diensten, wie etwa in Suchergebnissen oder in Ihrem Google-Profil, oder an anderen Stellen auf Websites und Anzeigen im Internet eingeblendet werden.<br \/>\nGoogle zeichnet Informationen \u00fcber Ihre +1-Aktivit\u00e4ten auf, um die Google-Dienste f\u00fcr Sie und andere zu verbessern. Um die Google +1-Schaltfl\u00e4che verwenden zu k\u00f6nnen, ben\u00f6tigen Sie ein weltweit sichtbares, \u00f6ffentliches Google-Profil, das zumindest den f\u00fcr das Profil gew\u00e4hlten Namen enthalten muss. Dieser Name wird in allen Google-Diensten verwendet. In manchen F\u00e4llen kann dieser Name auch einen anderen Namen ersetzen, den Sie beim Teilen von Inhalten \u00fcber Ihr Google-Konto verwendet haben. Die Identit\u00e4t Ihres Google-Profils kann Nutzern angezeigt werden, die Ihre E-Mail-Adresse kennen oder \u00fcber andere identifizierende Informationen von Ihnen verf\u00fcgen.<\/p>\n<p><strong>Verwendung der erfassten Informationen<\/strong><br \/>\nNeben den oben erl\u00e4uterten Verwendungszwecken werden die von Ihnen bereitgestellten Informationen gem\u00e4\u00df den geltenden Google-Datenschutzbestimmungen genutzt. Google ver\u00f6ffentlicht m\u00f6glicherweise zusammengefasste Statistiken \u00fcber die +1-Aktivit\u00e4ten der Nutzer bzw. gibt diese an Nutzer und Partner weiter, wie etwa Publisher, Inserenten oder verbundene Websites.<\/p>\n<p><strong>Datenschutzerkl\u00e4rung f\u00fcr die Nutzung von Twitter<\/strong><br \/>\nAuf unseren Seiten sind Funktionen des Dienstes Twitter eingebunden. Diese Funktionen werden angeboten durch die Twitter Inc., Twitter, Inc. 1355 Market St, Suite 900, San Francisco, CA 94103, USA. Durch das Benutzen von Twitter und der Funktion \u201eRe-Tweet\u201c werden die von Ihnen besuchten Webseiten mit Ihrem Twitter-Account verkn\u00fcpft und anderen Nutzern bekannt gegeben. Dabei werden auch Daten an Twitter \u00fcbertragen.<br \/>\nWir weisen darauf hin, dass wir als Anbieter der Seiten keine Kenntnis vom Inhalt der \u00fcbermittelten Daten sowie deren Nutzung durch Twitter erhalten. Weitere Informationen hierzu finden Sie in der Datenschutzerkl\u00e4rung von Twitter unter http:\/\/twitter.com\/privacy.<br \/>\nIhre Datenschutzeinstellungen bei Twitter k\u00f6nnen Sie in den Konto-Einstellungen unter http:\/\/twitter.com\/account\/settings \u00e4ndern.<\/p>\n","protected":false},"excerpt":{"rendered":"<p>FAKTEN UND OFFENLEGUNG FORUM VELDEN Kooperationen, Kontakte und Netzwerke sind die Bausteine und Bauger\u00fcste f\u00fcr gute Beziehungen in Wirtschaft, Politik und Gesellschaft. In diesem Sinne wollen wir Baumeister und Architekten einer erfolgreichen Zukunft K\u00e4rntens, Europas und der Welt sein. 2.500 Teilnehmer bisher davon 51 % Manager und Unternehmer, 23 % Experten und Berater sowie 15 [&hellip;]<\/p>\n","protected":false},"author":1,"featured_media":0,"parent":0,"menu_order":0,"comment_status":"closed","ping_status":"closed","template":"","meta":{"_et_pb_use_builder":"","_et_pb_old_content":"","_et_gb_content_width":"","ngg_post_thumbnail":0,"footnotes":""},"_links":{"self":[{"href":"https:\/\/www.forumvelden.at\/de\/wp-json\/wp\/v2\/pages\/309"}],"collection":[{"href":"https:\/\/www.forumvelden.at\/de\/wp-json\/wp\/v2\/pages"}],"about":[{"href":"https:\/\/www.forumvelden.at\/de\/wp-json\/wp\/v2\/types\/page"}],"author":[{"embeddable":true,"href":"https:\/\/www.forumvelden.at\/de\/wp-json\/wp\/v2\/users\/1"}],"replies":[{"embeddable":true,"href":"https:\/\/www.forumvelden.at\/de\/wp-json\/wp\/v2\/comments?post=309"}],"version-history":[{"count":20,"href":"https:\/\/www.forumvelden.at\/de\/wp-json\/wp\/v2\/pages\/309\/revisions"}],"predecessor-version":[{"id":1632,"href":"https:\/\/www.forumvelden.at\/de\/wp-json\/wp\/v2\/pages\/309\/revisions\/1632"}],"wp:attachment":[{"href":"https:\/\/www.forumvelden.at\/de\/wp-json\/wp\/v2\/media?parent=309"}],"curies":[{"name":"wp","href":"https:\/\/api.w.org\/{rel}","templated":true}]}}